{"id":305,"date":"2018-11-06T18:13:11","date_gmt":"2018-11-06T17:13:11","guid":{"rendered":"http:\/\/www.handiemotion.fr\/?page_id=305"},"modified":"2020-11-23T18:37:02","modified_gmt":"2020-11-23T17:37:02","slug":"presse","status":"publish","type":"page","link":"https:\/\/www.handiemotion.fr\/index.php\/presse\/","title":{"rendered":"Presse"},"content":{"rendered":"\t\t<div data-elementor-type=\"wp-post\" data-elementor-id=\"305\" class=\"elementor elementor-305 elementor-bc-flex-widget\">\n\t\t\t\t\t\t<section class=\"elementor-section elementor-top-section elementor-element elementor-element-5957800 elementor-section-boxed elementor-section-height-default elementor-section-height-default\" data-id=\"5957800\" data-element_type=\"section\" data-e-type=\"section\">\n\t\t\t\t\t\t<div class=\"elementor-container elementor-column-gap-default\">\n\t\t\t\t\t<div class=\"elementor-column elementor-col-100 elementor-top-column elementor-element elementor-element-4225efa\" data-id=\"4225efa\" data-element_type=\"column\" data-e-type=\"column\">\n\t\t\t<div class=\"elementor-widget-wrap elementor-element-populated\">\n\t\t\t\t\t\t<div class=\"elementor-element elementor-element-4993794 elementor-widget elementor-widget-image\" data-id=\"4993794\" data-element_type=\"widget\" data-e-type=\"widget\" data-widget_type=\"image.default\">\n\t\t\t\t<div class=\"elementor-widget-container\">\n\t\t\t\t\t\t\t\t\t\t\t\t\t\t\t\t<a href=\"http:\/\/www.handiemotion.fr\/wp-content\/uploads\/2018\/11\/HandiEmotion-lance-une-prestation-de-pilotage-sur-circuit.pdf\" target=\"_blank\">\n\t\t\t\t\t\t\t<img decoding=\"async\" src=\"http:\/\/www.handiemotion.fr\/wp-content\/uploads\/2018\/11\/HandiEmotion-lance-une-prestation-de-pilotage-sur-circuit.pdf\" title=\"\" alt=\"\" loading=\"lazy\" \/>\t\t\t\t\t\t\t\t<\/a>\n\t\t\t\t\t\t\t\t\t\t\t\t\t\t\t<\/div>\n\t\t\t\t<\/div>\n\t\t\t\t\t<\/div>\n\t\t<\/div>\n\t\t\t\t\t<\/div>\n\t\t<\/section>\n\t\t\t\t<section class=\"elementor-section elementor-top-section elementor-element elementor-element-717ad2b elementor-section-boxed elementor-section-height-default elementor-section-height-default\" data-id=\"717ad2b\" data-element_type=\"section\" data-e-type=\"section\">\n\t\t\t\t\t\t<div class=\"elementor-container elementor-column-gap-default\">\n\t\t\t\t\t<div class=\"elementor-column elementor-col-100 elementor-top-column elementor-element elementor-element-68488d6\" data-id=\"68488d6\" data-element_type=\"column\" data-e-type=\"column\">\n\t\t\t<div class=\"elementor-widget-wrap elementor-element-populated\">\n\t\t\t\t\t\t<div class=\"elementor-element elementor-element-55783ae elementor-widget elementor-widget-heading\" data-id=\"55783ae\" data-element_type=\"widget\" data-e-type=\"widget\" data-widget_type=\"heading.default\">\n\t\t\t\t<div class=\"elementor-widget-container\">\n\t\t\t\t\t<h2 class=\"elementor-heading-title elementor-size-default\">On parle de nous...<\/h2>\t\t\t\t<\/div>\n\t\t\t\t<\/div>\n\t\t\t\t\t<\/div>\n\t\t<\/div>\n\t\t\t\t\t<\/div>\n\t\t<\/section>\n\t\t\t\t<section class=\"elementor-section elementor-top-section elementor-element elementor-element-ca80b1c elementor-section-boxed elementor-section-height-default elementor-section-height-default\" data-id=\"ca80b1c\" data-element_type=\"section\" data-e-type=\"section\">\n\t\t\t\t\t\t<div class=\"elementor-container elementor-column-gap-default\">\n\t\t\t\t\t<div class=\"elementor-column elementor-col-100 elementor-top-column elementor-element elementor-element-a04a566\" data-id=\"a04a566\" data-element_type=\"column\" data-e-type=\"column\">\n\t\t\t<div class=\"elementor-widget-wrap elementor-element-populated\">\n\t\t\t\t\t\t<div class=\"elementor-element elementor-element-96ee41f elementor-widget elementor-widget-text-editor\" data-id=\"96ee41f\" data-element_type=\"widget\" data-e-type=\"widget\" data-widget_type=\"text-editor.default\">\n\t\t\t\t<div class=\"elementor-widget-container\">\n\t\t\t\t\t\t\t\t\t<p style=\"text-align: center;\">Podcast radio France Bleu H\u00e9rault<\/p><p style=\"text-align: center;\"><a href=\"http:\/\/rf.proxycast.org\/1538516123182440448\/16258-19.02.2019-ITEMA_21986284-0.mp3\" rel=\"noopener\" target=\"_blank\">L&rsquo;H\u00e9raultais du jour (19\/02\/2019)<\/a><\/p>\t\t\t\t\t\t\t\t<\/div>\n\t\t\t\t<\/div>\n\t\t\t\t\t<\/div>\n\t\t<\/div>\n\t\t\t\t\t<\/div>\n\t\t<\/section>\n\t\t\t\t<section class=\"elementor-section elementor-top-section elementor-element elementor-element-2099da1 elementor-section-boxed elementor-section-height-default elementor-section-height-default\" data-id=\"2099da1\" data-element_type=\"section\" data-e-type=\"section\">\n\t\t\t\t\t\t<div class=\"elementor-container elementor-column-gap-default\">\n\t\t\t\t\t<div class=\"elementor-column elementor-col-50 elementor-top-column elementor-element elementor-element-bed8f7d\" data-id=\"bed8f7d\" data-element_type=\"column\" data-e-type=\"column\">\n\t\t\t<div class=\"elementor-widget-wrap elementor-element-populated\">\n\t\t\t\t\t\t<div class=\"elementor-element elementor-element-0010f59 elementor-widget elementor-widget-heading\" data-id=\"0010f59\" data-element_type=\"widget\" data-e-type=\"widget\" data-widget_type=\"heading.default\">\n\t\t\t\t<div class=\"elementor-widget-container\">\n\t\t\t\t\t<h5 class=\"elementor-heading-title elementor-size-default\">heraultjuridique<br><br>e-metropolitain<br><br>dis-leur<br><br>Vi\u00e0Occitanie<\/h5>\t\t\t\t<\/div>\n\t\t\t\t<\/div>\n\t\t\t\t\t<\/div>\n\t\t<\/div>\n\t\t\t\t<div class=\"elementor-column elementor-col-50 elementor-top-column elementor-element elementor-element-0e4ae30\" data-id=\"0e4ae30\" data-element_type=\"column\" data-e-type=\"column\">\n\t\t\t<div class=\"elementor-widget-wrap elementor-element-populated\">\n\t\t\t\t\t\t<div class=\"elementor-element elementor-element-fabcd3b elementor-widget elementor-widget-text-editor\" data-id=\"fabcd3b\" data-element_type=\"widget\" data-e-type=\"widget\" data-widget_type=\"text-editor.default\">\n\t\t\t\t<div class=\"elementor-widget-container\">\n\t\t\t\t\t\t\t\t\t<p style=\"text-align: center;\"><a href=\"https:\/\/heraultjuridique.com\/entreprises\/handiemotion-des-prestations-de-pilotage-sur-circuit-pour-les-personnes-a-mobilite-reduite\/\" target=\"_blank\" rel=\"noopener\">d\u00e9couvrir l&rsquo;article<\/a><\/p>\t\t\t\t\t\t\t\t<\/div>\n\t\t\t\t<\/div>\n\t\t\t\t<div class=\"elementor-element elementor-element-1da995e elementor-widget elementor-widget-text-editor\" data-id=\"1da995e\" data-element_type=\"widget\" data-e-type=\"widget\" data-widget_type=\"text-editor.default\">\n\t\t\t\t<div class=\"elementor-widget-container\">\n\t\t\t\t\t\t\t\t\t<p style=\"text-align: center;\"><a href=\"https:\/\/e-metropolitain.fr\/2018\/11\/06\/handiemotion-pilotage-de-bolides-enfin-disponible-personnes-a-mobilite-reduite\/\" target=\"_blank\" rel=\"noopener\">d\u00e9couvrir l&rsquo;article<\/a><\/p>\t\t\t\t\t\t\t\t<\/div>\n\t\t\t\t<\/div>\n\t\t\t\t<div class=\"elementor-element elementor-element-f2cb6cd elementor-widget elementor-widget-text-editor\" data-id=\"f2cb6cd\" data-element_type=\"widget\" data-e-type=\"widget\" data-widget_type=\"text-editor.default\">\n\t\t\t\t<div class=\"elementor-widget-container\">\n\t\t\t\t\t\t\t\t\t<p style=\"text-align: center;\"><a href=\"https:\/\/dis-leur.fr\/handiemotion-conduire-une-porsche-comme-dans-un-fauteuil\/\" target=\"_blank\" rel=\"noopener\">d\u00e9couvrir l&rsquo;article<\/a><\/p>\t\t\t\t\t\t\t\t<\/div>\n\t\t\t\t<\/div>\n\t\t\t\t<div class=\"elementor-element elementor-element-670bd29 elementor-widget elementor-widget-text-editor\" data-id=\"670bd29\" data-element_type=\"widget\" data-e-type=\"widget\" data-widget_type=\"text-editor.default\">\n\t\t\t\t<div class=\"elementor-widget-container\">\n\t\t\t\t\t\t\t\t\t<p style=\"text-align: center;\"><a href=\"https:\/\/viaoccitanie.tv\/handicap-piloter-une-voiture-de-course-sur-circuit-cest-possible\/\" target=\"_blank\" rel=\"noopener\">d\u00e9couvrir l&rsquo;article<\/a><\/p>\t\t\t\t\t\t\t\t<\/div>\n\t\t\t\t<\/div>\n\t\t\t\t\t<\/div>\n\t\t<\/div>\n\t\t\t\t\t<\/div>\n\t\t<\/section>\n\t\t\t\t<\/div>\n\t\t","protected":false},"excerpt":{"rendered":"<p>On parle de nous&#8230; Podcast radio France Bleu H\u00e9rault L&rsquo;H\u00e9raultais du jour (19\/02\/2019) heraultjuridique e-metropolitain dis-leur Vi\u00e0Occitanie d\u00e9couvrir l&rsquo;article d\u00e9couvrir l&rsquo;article d\u00e9couvrir l&rsquo;article d\u00e9couvrir l&rsquo;article<\/p>\n","protected":false},"author":1,"featured_media":0,"parent":0,"menu_order":80,"comment_status":"closed","ping_status":"closed","template":"","meta":{"_monsterinsights_skip_tracking":false,"_monsterinsights_sitenote_active":false,"_monsterinsights_sitenote_note":"","_monsterinsights_sitenote_category":0,"footnotes":""},"class_list":["post-305","page","type-page","status-publish","hentry"],"yoast_head":"<!-- This site is optimized with the Yoast SEO plugin v27.5 - https:\/\/yoast.com\/product\/yoast-seo-wordpress\/ -->\n<title>Presse : Vivre son handicap avec \u00e9motion<\/title>\n<meta name=\"robots\" content=\"index, follow, max-snippet:-1, max-image-preview:large, max-video-preview:-1\" \/>\n<link rel=\"canonical\" href=\"https:\/\/www.handiemotion.fr\/index.php\/presse\/\" \/>\n<meta property=\"og:locale\" content=\"fr_FR\" \/>\n<meta property=\"og:type\" content=\"article\" \/>\n<meta property=\"og:title\" content=\"Presse : Vivre son handicap avec \u00e9motion\" \/>\n<meta property=\"og:description\" content=\"On parle de nous&#8230; Podcast radio France Bleu H\u00e9rault L&rsquo;H\u00e9raultais du jour (19\/02\/2019) heraultjuridique e-metropolitain dis-leur Vi\u00e0Occitanie d\u00e9couvrir l&rsquo;article d\u00e9couvrir l&rsquo;article d\u00e9couvrir l&rsquo;article d\u00e9couvrir l&rsquo;article\" \/>\n<meta property=\"og:url\" content=\"https:\/\/www.handiemotion.fr\/index.php\/presse\/\" \/>\n<meta property=\"og:site_name\" content=\"Vivre son handicap avec \u00e9motion\" \/>\n<meta property=\"article:publisher\" content=\"https:\/\/www.facebook.com\/handiemotion\/\" \/>\n<meta property=\"article:modified_time\" content=\"2020-11-23T17:37:02+00:00\" \/>\n<meta property=\"og:image\" content=\"http:\/\/www.handiemotion.fr\/wp-content\/uploads\/2018\/11\/HandiEmotion-lance-une-prestation-de-pilotage-sur-circuit-pdf-208x300.jpg\" \/>\n<meta name=\"twitter:card\" content=\"summary_large_image\" \/>\n<script type=\"application\/ld+json\" class=\"yoast-schema-graph\">{\"@context\":\"https:\\\/\\\/schema.org\",\"@graph\":[{\"@type\":\"WebPage\",\"@id\":\"https:\\\/\\\/www.handiemotion.fr\\\/index.php\\\/presse\\\/\",\"url\":\"https:\\\/\\\/www.handiemotion.fr\\\/index.php\\\/presse\\\/\",\"name\":\"Presse : Vivre son handicap avec \u00e9motion\",\"isPartOf\":{\"@id\":\"https:\\\/\\\/www.handiemotion.fr\\\/#website\"},\"primaryImageOfPage\":{\"@id\":\"https:\\\/\\\/www.handiemotion.fr\\\/index.php\\\/presse\\\/#primaryimage\"},\"image\":{\"@id\":\"https:\\\/\\\/www.handiemotion.fr\\\/index.php\\\/presse\\\/#primaryimage\"},\"thumbnailUrl\":\"http:\\\/\\\/www.handiemotion.fr\\\/wp-content\\\/uploads\\\/2018\\\/11\\\/HandiEmotion-lance-une-prestation-de-pilotage-sur-circuit-pdf-208x300.jpg\",\"datePublished\":\"2018-11-06T17:13:11+00:00\",\"dateModified\":\"2020-11-23T17:37:02+00:00\",\"breadcrumb\":{\"@id\":\"https:\\\/\\\/www.handiemotion.fr\\\/index.php\\\/presse\\\/#breadcrumb\"},\"inLanguage\":\"fr-FR\",\"potentialAction\":[{\"@type\":\"ReadAction\",\"target\":[\"https:\\\/\\\/www.handiemotion.fr\\\/index.php\\\/presse\\\/\"]}]},{\"@type\":\"ImageObject\",\"inLanguage\":\"fr-FR\",\"@id\":\"https:\\\/\\\/www.handiemotion.fr\\\/index.php\\\/presse\\\/#primaryimage\",\"url\":\"http:\\\/\\\/www.handiemotion.fr\\\/wp-content\\\/uploads\\\/2018\\\/11\\\/HandiEmotion-lance-une-prestation-de-pilotage-sur-circuit-pdf-208x300.jpg\",\"contentUrl\":\"http:\\\/\\\/www.handiemotion.fr\\\/wp-content\\\/uploads\\\/2018\\\/11\\\/HandiEmotion-lance-une-prestation-de-pilotage-sur-circuit-pdf-208x300.jpg\"},{\"@type\":\"BreadcrumbList\",\"@id\":\"https:\\\/\\\/www.handiemotion.fr\\\/index.php\\\/presse\\\/#breadcrumb\",\"itemListElement\":[{\"@type\":\"ListItem\",\"position\":1,\"name\":\"Accueil\",\"item\":\"https:\\\/\\\/www.handiemotion.fr\\\/\"},{\"@type\":\"ListItem\",\"position\":2,\"name\":\"Presse\"}]},{\"@type\":\"WebSite\",\"@id\":\"https:\\\/\\\/www.handiemotion.fr\\\/#website\",\"url\":\"https:\\\/\\\/www.handiemotion.fr\\\/\",\"name\":\"HandiEmotion : Stage de pilotage pour PMR\",\"description\":\"\",\"publisher\":{\"@id\":\"https:\\\/\\\/www.handiemotion.fr\\\/#organization\"},\"potentialAction\":[{\"@type\":\"SearchAction\",\"target\":{\"@type\":\"EntryPoint\",\"urlTemplate\":\"https:\\\/\\\/www.handiemotion.fr\\\/?s={search_term_string}\"},\"query-input\":{\"@type\":\"PropertyValueSpecification\",\"valueRequired\":true,\"valueName\":\"search_term_string\"}}],\"inLanguage\":\"fr-FR\"},{\"@type\":\"Organization\",\"@id\":\"https:\\\/\\\/www.handiemotion.fr\\\/#organization\",\"name\":\"HANDIEMOTION\",\"url\":\"https:\\\/\\\/www.handiemotion.fr\\\/\",\"logo\":{\"@type\":\"ImageObject\",\"inLanguage\":\"fr-FR\",\"@id\":\"https:\\\/\\\/www.handiemotion.fr\\\/#\\\/schema\\\/logo\\\/image\\\/\",\"url\":\"https:\\\/\\\/www.handiemotion.fr\\\/wp-content\\\/uploads\\\/2018\\\/03\\\/logo_handiemotion_droit.jpg\",\"contentUrl\":\"https:\\\/\\\/www.handiemotion.fr\\\/wp-content\\\/uploads\\\/2018\\\/03\\\/logo_handiemotion_droit.jpg\",\"width\":2081,\"height\":954,\"caption\":\"HANDIEMOTION\"},\"image\":{\"@id\":\"https:\\\/\\\/www.handiemotion.fr\\\/#\\\/schema\\\/logo\\\/image\\\/\"},\"sameAs\":[\"https:\\\/\\\/www.facebook.com\\\/handiemotion\\\/\",\"https:\\\/\\\/www.linkedin.com\\\/in\\\/s\u00e9bastien-benoit-00a550172\\\/\",\"https:\\\/\\\/www.youtube.com\\\/channel\\\/UC7RmBlEf3mhZ5Usf7PKfYyQ\"]}]}<\/script>\n<!-- \/ Yoast SEO plugin. -->","yoast_head_json":{"title":"Presse : Vivre son handicap avec \u00e9motion","robots":{"index":"index","follow":"follow","max-snippet":"max-snippet:-1","max-image-preview":"max-image-preview:large","max-video-preview":"max-video-preview:-1"},"canonical":"https:\/\/www.handiemotion.fr\/index.php\/presse\/","og_locale":"fr_FR","og_type":"article","og_title":"Presse : Vivre son handicap avec \u00e9motion","og_description":"On parle de nous&#8230; Podcast radio France Bleu H\u00e9rault L&rsquo;H\u00e9raultais du jour (19\/02\/2019) heraultjuridique e-metropolitain dis-leur Vi\u00e0Occitanie d\u00e9couvrir l&rsquo;article d\u00e9couvrir l&rsquo;article d\u00e9couvrir l&rsquo;article d\u00e9couvrir l&rsquo;article","og_url":"https:\/\/www.handiemotion.fr\/index.php\/presse\/","og_site_name":"Vivre son handicap avec \u00e9motion","article_publisher":"https:\/\/www.facebook.com\/handiemotion\/","article_modified_time":"2020-11-23T17:37:02+00:00","og_image":[{"url":"http:\/\/www.handiemotion.fr\/wp-content\/uploads\/2018\/11\/HandiEmotion-lance-une-prestation-de-pilotage-sur-circuit-pdf-208x300.jpg","type":"","width":"","height":""}],"twitter_card":"summary_large_image","schema":{"@context":"https:\/\/schema.org","@graph":[{"@type":"WebPage","@id":"https:\/\/www.handiemotion.fr\/index.php\/presse\/","url":"https:\/\/www.handiemotion.fr\/index.php\/presse\/","name":"Presse : Vivre son handicap avec \u00e9motion","isPartOf":{"@id":"https:\/\/www.handiemotion.fr\/#website"},"primaryImageOfPage":{"@id":"https:\/\/www.handiemotion.fr\/index.php\/presse\/#primaryimage"},"image":{"@id":"https:\/\/www.handiemotion.fr\/index.php\/presse\/#primaryimage"},"thumbnailUrl":"http:\/\/www.handiemotion.fr\/wp-content\/uploads\/2018\/11\/HandiEmotion-lance-une-prestation-de-pilotage-sur-circuit-pdf-208x300.jpg","datePublished":"2018-11-06T17:13:11+00:00","dateModified":"2020-11-23T17:37:02+00:00","breadcrumb":{"@id":"https:\/\/www.handiemotion.fr\/index.php\/presse\/#breadcrumb"},"inLanguage":"fr-FR","potentialAction":[{"@type":"ReadAction","target":["https:\/\/www.handiemotion.fr\/index.php\/presse\/"]}]},{"@type":"ImageObject","inLanguage":"fr-FR","@id":"https:\/\/www.handiemotion.fr\/index.php\/presse\/#primaryimage","url":"http:\/\/www.handiemotion.fr\/wp-content\/uploads\/2018\/11\/HandiEmotion-lance-une-prestation-de-pilotage-sur-circuit-pdf-208x300.jpg","contentUrl":"http:\/\/www.handiemotion.fr\/wp-content\/uploads\/2018\/11\/HandiEmotion-lance-une-prestation-de-pilotage-sur-circuit-pdf-208x300.jpg"},{"@type":"BreadcrumbList","@id":"https:\/\/www.handiemotion.fr\/index.php\/presse\/#breadcrumb","itemListElement":[{"@type":"ListItem","position":1,"name":"Accueil","item":"https:\/\/www.handiemotion.fr\/"},{"@type":"ListItem","position":2,"name":"Presse"}]},{"@type":"WebSite","@id":"https:\/\/www.handiemotion.fr\/#website","url":"https:\/\/www.handiemotion.fr\/","name":"HandiEmotion : Stage de pilotage pour PMR","description":"","publisher":{"@id":"https:\/\/www.handiemotion.fr\/#organization"},"potentialAction":[{"@type":"SearchAction","target":{"@type":"EntryPoint","urlTemplate":"https:\/\/www.handiemotion.fr\/?s={search_term_string}"},"query-input":{"@type":"PropertyValueSpecification","valueRequired":true,"valueName":"search_term_string"}}],"inLanguage":"fr-FR"},{"@type":"Organization","@id":"https:\/\/www.handiemotion.fr\/#organization","name":"HANDIEMOTION","url":"https:\/\/www.handiemotion.fr\/","logo":{"@type":"ImageObject","inLanguage":"fr-FR","@id":"https:\/\/www.handiemotion.fr\/#\/schema\/logo\/image\/","url":"https:\/\/www.handiemotion.fr\/wp-content\/uploads\/2018\/03\/logo_handiemotion_droit.jpg","contentUrl":"https:\/\/www.handiemotion.fr\/wp-content\/uploads\/2018\/03\/logo_handiemotion_droit.jpg","width":2081,"height":954,"caption":"HANDIEMOTION"},"image":{"@id":"https:\/\/www.handiemotion.fr\/#\/schema\/logo\/image\/"},"sameAs":["https:\/\/www.facebook.com\/handiemotion\/","https:\/\/www.linkedin.com\/in\/s\u00e9bastien-benoit-00a550172\/","https:\/\/www.youtube.com\/channel\/UC7RmBlEf3mhZ5Usf7PKfYyQ"]}]}},"_links":{"self":[{"href":"https:\/\/www.handiemotion.fr\/index.php\/wp-json\/wp\/v2\/pages\/305","targetHints":{"allow":["GET"]}}],"collection":[{"href":"https:\/\/www.handiemotion.fr\/index.php\/wp-json\/wp\/v2\/pages"}],"about":[{"href":"https:\/\/www.handiemotion.fr\/index.php\/wp-json\/wp\/v2\/types\/page"}],"author":[{"embeddable":true,"href":"https:\/\/www.handiemotion.fr\/index.php\/wp-json\/wp\/v2\/users\/1"}],"replies":[{"embeddable":true,"href":"https:\/\/www.handiemotion.fr\/index.php\/wp-json\/wp\/v2\/comments?post=305"}],"version-history":[{"count":24,"href":"https:\/\/www.handiemotion.fr\/index.php\/wp-json\/wp\/v2\/pages\/305\/revisions"}],"predecessor-version":[{"id":842,"href":"https:\/\/www.handiemotion.fr\/index.php\/wp-json\/wp\/v2\/pages\/305\/revisions\/842"}],"wp:attachment":[{"href":"https:\/\/www.handiemotion.fr\/index.php\/wp-json\/wp\/v2\/media?parent=305"}],"curies":[{"name":"wp","href":"https:\/\/api.w.org\/{rel}","templated":true}]}}