{"id":74,"date":"2018-03-20T10:27:39","date_gmt":"2018-03-20T09:27:39","guid":{"rendered":"http:\/\/www.handiemotion.fr\/?page_id=74"},"modified":"2020-12-24T11:51:46","modified_gmt":"2020-12-24T10:51:46","slug":"presentation","status":"publish","type":"page","link":"https:\/\/www.handiemotion.fr\/index.php\/presentation\/","title":{"rendered":"Pr\u00e9sentation"},"content":{"rendered":"\t\t<div data-elementor-type=\"wp-post\" data-elementor-id=\"74\" class=\"elementor elementor-74\">\n\t\t\t\t\t\t<section class=\"elementor-section elementor-top-section elementor-element elementor-element-efd8f45 elementor-section-boxed elementor-section-height-default elementor-section-height-default\" data-id=\"efd8f45\" data-element_type=\"section\" data-e-type=\"section\">\n\t\t\t\t\t\t<div class=\"elementor-container elementor-column-gap-default\">\n\t\t\t\t\t<div class=\"elementor-column elementor-col-100 elementor-top-column elementor-element elementor-element-97ab9d3\" data-id=\"97ab9d3\" data-element_type=\"column\" data-e-type=\"column\" data-settings=\"{&quot;background_background&quot;:&quot;gradient&quot;}\">\n\t\t\t<div class=\"elementor-widget-wrap elementor-element-populated\">\n\t\t\t\t\t\t<section class=\"elementor-section elementor-inner-section elementor-element elementor-element-b3ee999 elementor-section-boxed elementor-section-height-default elementor-section-height-default\" data-id=\"b3ee999\" data-element_type=\"section\" data-e-type=\"section\">\n\t\t\t\t\t\t<div class=\"elementor-container elementor-column-gap-default\">\n\t\t\t\t\t<div class=\"elementor-column elementor-col-50 elementor-inner-column elementor-element elementor-element-59e6868\" data-id=\"59e6868\" data-element_type=\"column\" data-e-type=\"column\">\n\t\t\t<div class=\"elementor-widget-wrap elementor-element-populated\">\n\t\t\t\t\t\t<div class=\"elementor-element elementor-element-7ad1105 elementor-widget elementor-widget-image\" data-id=\"7ad1105\" data-element_type=\"widget\" data-e-type=\"widget\" data-widget_type=\"image.default\">\n\t\t\t\t<div class=\"elementor-widget-container\">\n\t\t\t\t\t\t\t\t\t\t\t\t\t\t\t<img decoding=\"async\" width=\"150\" height=\"150\" src=\"https:\/\/www.handiemotion.fr\/wp-content\/uploads\/2018\/03\/SB-150x150.jpg\" class=\"attachment-thumbnail size-thumbnail wp-image-128\" alt=\"\" \/>\t\t\t\t\t\t\t\t\t\t\t\t\t\t\t<\/div>\n\t\t\t\t<\/div>\n\t\t\t\t\t<\/div>\n\t\t<\/div>\n\t\t\t\t<div class=\"elementor-column elementor-col-50 elementor-inner-column elementor-element elementor-element-69bb50b\" data-id=\"69bb50b\" data-element_type=\"column\" data-e-type=\"column\">\n\t\t\t<div class=\"elementor-widget-wrap elementor-element-populated\">\n\t\t\t\t\t\t<div class=\"elementor-element elementor-element-f17c4e1 elementor-widget elementor-widget-text-editor\" data-id=\"f17c4e1\" data-element_type=\"widget\" data-e-type=\"widget\" data-widget_type=\"text-editor.default\">\n\t\t\t\t<div class=\"elementor-widget-container\">\n\t\t\t\t\t\t\t\t\t<p>Je suis S\u00e9bastien BENOIT, amput\u00e9 au dessus du genou droit suite \u00e0 un accident, j&rsquo;ai \u00e9t\u00e9 confront\u00e9 \u00e0 l&rsquo;impossibilit\u00e9 de pratiquer ma passion. La seule solution a \u00e9t\u00e9 d&rsquo;\u00e9quiper un v\u00e9hicule adapt\u00e9 \u00e0 mon handicap.<\/p><p>En cr\u00e9ant mon entreprise HandiEmotion,\u00a0 je souhaite aujourd\u2019hui faire partager ma passion au plus grand nombre en permettant aux personnes \u00e0 mobilit\u00e9 r\u00e9duite de piloter sur circuit une voiture de sport de prestige, adapt\u00e9e \u00e0 leur handicap, gr\u00e2ce \u00e0 un triple \u00e9quipement.<\/p><p>Vous \u00e9voluez en toute s\u00e9curit\u00e9 (casque obligatoire) avec un pilote dipl\u00f4m\u00e9 d\u2019Etat, pour un nombre de tours d\u00e9fini dans le forfait choisi.<\/p><p>Plaisir, \u00e9motion, \u00e9vasion et sensations fortes&#8230; Laissez-vous griser !<\/p>\t\t\t\t\t\t\t\t<\/div>\n\t\t\t\t<\/div>\n\t\t\t\t\t<\/div>\n\t\t<\/div>\n\t\t\t\t\t<\/div>\n\t\t<\/section>\n\t\t\t\t\t<\/div>\n\t\t<\/div>\n\t\t\t\t\t<\/div>\n\t\t<\/section>\n\t\t\t\t<section class=\"elementor-section elementor-top-section elementor-element elementor-element-f06f602 elementor-section-boxed elementor-section-height-default elementor-section-height-default\" data-id=\"f06f602\" data-element_type=\"section\" data-e-type=\"section\">\n\t\t\t\t\t\t<div class=\"elementor-container elementor-column-gap-default\">\n\t\t\t\t\t<div class=\"elementor-column elementor-col-100 elementor-top-column elementor-element elementor-element-a744687\" data-id=\"a744687\" data-element_type=\"column\" data-e-type=\"column\">\n\t\t\t<div class=\"elementor-widget-wrap elementor-element-populated\">\n\t\t\t\t\t\t<div class=\"elementor-element elementor-element-3740289 elementor-widget elementor-widget-text-editor\" data-id=\"3740289\" data-element_type=\"widget\" data-e-type=\"widget\" data-widget_type=\"text-editor.default\">\n\t\t\t\t<div class=\"elementor-widget-container\">\n\t\t\t\t\t\t\t\t\t<p><span style=\"color: #000000;\"><strong>Porsche 911 mod\u00e8le 997 3.8L S tiptronic 355ch<\/strong><\/span><\/p>\t\t\t\t\t\t\t\t<\/div>\n\t\t\t\t<\/div>\n\t\t\t\t<div class=\"elementor-element elementor-element-cbe7ed3 elementor-widget elementor-widget-image\" data-id=\"cbe7ed3\" data-element_type=\"widget\" data-e-type=\"widget\" data-widget_type=\"image.default\">\n\t\t\t\t<div class=\"elementor-widget-container\">\n\t\t\t\t\t\t\t\t\t\t\t\t\t\t\t<img fetchpriority=\"high\" decoding=\"async\" width=\"770\" height=\"286\" src=\"https:\/\/www.handiemotion.fr\/wp-content\/uploads\/2020\/12\/bandeau-amenagements.png\" class=\"attachment-large size-large wp-image-1010\" alt=\"\" srcset=\"https:\/\/www.handiemotion.fr\/wp-content\/uploads\/2020\/12\/bandeau-amenagements.png 975w, https:\/\/www.handiemotion.fr\/wp-content\/uploads\/2020\/12\/bandeau-amenagements-300x111.png 300w, https:\/\/www.handiemotion.fr\/wp-content\/uploads\/2020\/12\/bandeau-amenagements-768x285.png 768w\" sizes=\"(max-width: 770px) 100vw, 770px\" \/>\t\t\t\t\t\t\t\t\t\t\t\t\t\t\t<\/div>\n\t\t\t\t<\/div>\n\t\t\t\t<div class=\"elementor-element elementor-element-f9b0506 elementor-widget elementor-widget-heading\" data-id=\"f9b0506\" data-element_type=\"widget\" data-e-type=\"widget\" data-widget_type=\"heading.default\">\n\t\t\t\t<div class=\"elementor-widget-container\">\n\t\t\t\t\t<h6 class=\"elementor-heading-title elementor-size-default\"><a href=\"http:\/\/www.aca-grandsud.fr\/adaptation-automobile-vehicule-handicape-.cfm\" target=\"_blank\">Am\u00e9nagements r\u00e9alis\u00e9s par ACA Grand Sud \u00e0 Vendres (34)<\/a><\/h6>\t\t\t\t<\/div>\n\t\t\t\t<\/div>\n\t\t\t\t\t<\/div>\n\t\t<\/div>\n\t\t\t\t\t<\/div>\n\t\t<\/section>\n\t\t\t\t<\/div>\n\t\t","protected":false},"excerpt":{"rendered":"<p>Je suis S\u00e9bastien BENOIT, amput\u00e9 au dessus du genou droit suite \u00e0 un accident, j&rsquo;ai \u00e9t\u00e9 confront\u00e9 \u00e0 l&rsquo;impossibilit\u00e9 de pratiquer ma passion. La seule solution a \u00e9t\u00e9 d&rsquo;\u00e9quiper un v\u00e9hicule adapt\u00e9 \u00e0 mon handicap. En cr\u00e9ant mon entreprise HandiEmotion,\u00a0 je souhaite aujourd\u2019hui faire partager ma passion au plus grand nombre en permettant aux personnes &hellip; <\/p>\n","protected":false},"author":1,"featured_media":0,"parent":0,"menu_order":20,"comment_status":"closed","ping_status":"closed","template":"","meta":{"_monsterinsights_skip_tracking":false,"_monsterinsights_sitenote_active":false,"_monsterinsights_sitenote_note":"","_monsterinsights_sitenote_category":0,"footnotes":""},"class_list":["post-74","page","type-page","status-publish","hentry"],"yoast_head":"<!-- This site is optimized with the Yoast SEO plugin v27.5 - https:\/\/yoast.com\/product\/yoast-seo-wordpress\/ -->\n<title>Pr\u00e9sentation : Vivre son handicap avec \u00e9motion<\/title>\n<meta name=\"robots\" content=\"index, follow, max-snippet:-1, max-image-preview:large, max-video-preview:-1\" \/>\n<link rel=\"canonical\" href=\"https:\/\/www.handiemotion.fr\/index.php\/presentation\/\" \/>\n<meta property=\"og:locale\" content=\"fr_FR\" \/>\n<meta property=\"og:type\" content=\"article\" \/>\n<meta property=\"og:title\" content=\"Pr\u00e9sentation : Vivre son handicap avec \u00e9motion\" \/>\n<meta property=\"og:description\" content=\"Je suis S\u00e9bastien BENOIT, amput\u00e9 au dessus du genou droit suite \u00e0 un accident, j&rsquo;ai \u00e9t\u00e9 confront\u00e9 \u00e0 l&rsquo;impossibilit\u00e9 de pratiquer ma passion. La seule solution a \u00e9t\u00e9 d&rsquo;\u00e9quiper un v\u00e9hicule adapt\u00e9 \u00e0 mon handicap. En cr\u00e9ant mon entreprise HandiEmotion,\u00a0 je souhaite aujourd\u2019hui faire partager ma passion au plus grand nombre en permettant aux personnes &hellip;\" \/>\n<meta property=\"og:url\" content=\"https:\/\/www.handiemotion.fr\/index.php\/presentation\/\" \/>\n<meta property=\"og:site_name\" content=\"Vivre son handicap avec \u00e9motion\" \/>\n<meta property=\"article:publisher\" content=\"https:\/\/www.facebook.com\/handiemotion\/\" \/>\n<meta property=\"article:modified_time\" content=\"2020-12-24T10:51:46+00:00\" \/>\n<meta property=\"og:image\" content=\"http:\/\/www.handiemotion.fr\/wp-content\/uploads\/2018\/03\/SB-150x150.jpg\" \/>\n<meta name=\"twitter:card\" content=\"summary_large_image\" \/>\n<meta name=\"twitter:label1\" content=\"Dur\u00e9e de lecture estim\u00e9e\" \/>\n\t<meta name=\"twitter:data1\" content=\"1 minute\" \/>\n<script type=\"application\/ld+json\" class=\"yoast-schema-graph\">{\"@context\":\"https:\\\/\\\/schema.org\",\"@graph\":[{\"@type\":\"WebPage\",\"@id\":\"https:\\\/\\\/www.handiemotion.fr\\\/index.php\\\/presentation\\\/\",\"url\":\"https:\\\/\\\/www.handiemotion.fr\\\/index.php\\\/presentation\\\/\",\"name\":\"Pr\u00e9sentation : Vivre son handicap avec \u00e9motion\",\"isPartOf\":{\"@id\":\"https:\\\/\\\/www.handiemotion.fr\\\/#website\"},\"primaryImageOfPage\":{\"@id\":\"https:\\\/\\\/www.handiemotion.fr\\\/index.php\\\/presentation\\\/#primaryimage\"},\"image\":{\"@id\":\"https:\\\/\\\/www.handiemotion.fr\\\/index.php\\\/presentation\\\/#primaryimage\"},\"thumbnailUrl\":\"http:\\\/\\\/www.handiemotion.fr\\\/wp-content\\\/uploads\\\/2018\\\/03\\\/SB-150x150.jpg\",\"datePublished\":\"2018-03-20T09:27:39+00:00\",\"dateModified\":\"2020-12-24T10:51:46+00:00\",\"breadcrumb\":{\"@id\":\"https:\\\/\\\/www.handiemotion.fr\\\/index.php\\\/presentation\\\/#breadcrumb\"},\"inLanguage\":\"fr-FR\",\"potentialAction\":[{\"@type\":\"ReadAction\",\"target\":[\"https:\\\/\\\/www.handiemotion.fr\\\/index.php\\\/presentation\\\/\"]}]},{\"@type\":\"ImageObject\",\"inLanguage\":\"fr-FR\",\"@id\":\"https:\\\/\\\/www.handiemotion.fr\\\/index.php\\\/presentation\\\/#primaryimage\",\"url\":\"http:\\\/\\\/www.handiemotion.fr\\\/wp-content\\\/uploads\\\/2018\\\/03\\\/SB-150x150.jpg\",\"contentUrl\":\"http:\\\/\\\/www.handiemotion.fr\\\/wp-content\\\/uploads\\\/2018\\\/03\\\/SB-150x150.jpg\"},{\"@type\":\"BreadcrumbList\",\"@id\":\"https:\\\/\\\/www.handiemotion.fr\\\/index.php\\\/presentation\\\/#breadcrumb\",\"itemListElement\":[{\"@type\":\"ListItem\",\"position\":1,\"name\":\"Accueil\",\"item\":\"https:\\\/\\\/www.handiemotion.fr\\\/\"},{\"@type\":\"ListItem\",\"position\":2,\"name\":\"Pr\u00e9sentation\"}]},{\"@type\":\"WebSite\",\"@id\":\"https:\\\/\\\/www.handiemotion.fr\\\/#website\",\"url\":\"https:\\\/\\\/www.handiemotion.fr\\\/\",\"name\":\"HandiEmotion : Stage de pilotage pour PMR\",\"description\":\"\",\"publisher\":{\"@id\":\"https:\\\/\\\/www.handiemotion.fr\\\/#organization\"},\"potentialAction\":[{\"@type\":\"SearchAction\",\"target\":{\"@type\":\"EntryPoint\",\"urlTemplate\":\"https:\\\/\\\/www.handiemotion.fr\\\/?s={search_term_string}\"},\"query-input\":{\"@type\":\"PropertyValueSpecification\",\"valueRequired\":true,\"valueName\":\"search_term_string\"}}],\"inLanguage\":\"fr-FR\"},{\"@type\":\"Organization\",\"@id\":\"https:\\\/\\\/www.handiemotion.fr\\\/#organization\",\"name\":\"HANDIEMOTION\",\"url\":\"https:\\\/\\\/www.handiemotion.fr\\\/\",\"logo\":{\"@type\":\"ImageObject\",\"inLanguage\":\"fr-FR\",\"@id\":\"https:\\\/\\\/www.handiemotion.fr\\\/#\\\/schema\\\/logo\\\/image\\\/\",\"url\":\"https:\\\/\\\/www.handiemotion.fr\\\/wp-content\\\/uploads\\\/2018\\\/03\\\/logo_handiemotion_droit.jpg\",\"contentUrl\":\"https:\\\/\\\/www.handiemotion.fr\\\/wp-content\\\/uploads\\\/2018\\\/03\\\/logo_handiemotion_droit.jpg\",\"width\":2081,\"height\":954,\"caption\":\"HANDIEMOTION\"},\"image\":{\"@id\":\"https:\\\/\\\/www.handiemotion.fr\\\/#\\\/schema\\\/logo\\\/image\\\/\"},\"sameAs\":[\"https:\\\/\\\/www.facebook.com\\\/handiemotion\\\/\",\"https:\\\/\\\/www.linkedin.com\\\/in\\\/s\u00e9bastien-benoit-00a550172\\\/\",\"https:\\\/\\\/www.youtube.com\\\/channel\\\/UC7RmBlEf3mhZ5Usf7PKfYyQ\"]}]}<\/script>\n<!-- \/ Yoast SEO plugin. -->","yoast_head_json":{"title":"Pr\u00e9sentation : Vivre son handicap avec \u00e9motion","robots":{"index":"index","follow":"follow","max-snippet":"max-snippet:-1","max-image-preview":"max-image-preview:large","max-video-preview":"max-video-preview:-1"},"canonical":"https:\/\/www.handiemotion.fr\/index.php\/presentation\/","og_locale":"fr_FR","og_type":"article","og_title":"Pr\u00e9sentation : Vivre son handicap avec \u00e9motion","og_description":"Je suis S\u00e9bastien BENOIT, amput\u00e9 au dessus du genou droit suite \u00e0 un accident, j&rsquo;ai \u00e9t\u00e9 confront\u00e9 \u00e0 l&rsquo;impossibilit\u00e9 de pratiquer ma passion. La seule solution a \u00e9t\u00e9 d&rsquo;\u00e9quiper un v\u00e9hicule adapt\u00e9 \u00e0 mon handicap. En cr\u00e9ant mon entreprise HandiEmotion,\u00a0 je souhaite aujourd\u2019hui faire partager ma passion au plus grand nombre en permettant aux personnes &hellip;","og_url":"https:\/\/www.handiemotion.fr\/index.php\/presentation\/","og_site_name":"Vivre son handicap avec \u00e9motion","article_publisher":"https:\/\/www.facebook.com\/handiemotion\/","article_modified_time":"2020-12-24T10:51:46+00:00","og_image":[{"url":"http:\/\/www.handiemotion.fr\/wp-content\/uploads\/2018\/03\/SB-150x150.jpg","type":"","width":"","height":""}],"twitter_card":"summary_large_image","twitter_misc":{"Dur\u00e9e de lecture estim\u00e9e":"1 minute"},"schema":{"@context":"https:\/\/schema.org","@graph":[{"@type":"WebPage","@id":"https:\/\/www.handiemotion.fr\/index.php\/presentation\/","url":"https:\/\/www.handiemotion.fr\/index.php\/presentation\/","name":"Pr\u00e9sentation : Vivre son handicap avec \u00e9motion","isPartOf":{"@id":"https:\/\/www.handiemotion.fr\/#website"},"primaryImageOfPage":{"@id":"https:\/\/www.handiemotion.fr\/index.php\/presentation\/#primaryimage"},"image":{"@id":"https:\/\/www.handiemotion.fr\/index.php\/presentation\/#primaryimage"},"thumbnailUrl":"http:\/\/www.handiemotion.fr\/wp-content\/uploads\/2018\/03\/SB-150x150.jpg","datePublished":"2018-03-20T09:27:39+00:00","dateModified":"2020-12-24T10:51:46+00:00","breadcrumb":{"@id":"https:\/\/www.handiemotion.fr\/index.php\/presentation\/#breadcrumb"},"inLanguage":"fr-FR","potentialAction":[{"@type":"ReadAction","target":["https:\/\/www.handiemotion.fr\/index.php\/presentation\/"]}]},{"@type":"ImageObject","inLanguage":"fr-FR","@id":"https:\/\/www.handiemotion.fr\/index.php\/presentation\/#primaryimage","url":"http:\/\/www.handiemotion.fr\/wp-content\/uploads\/2018\/03\/SB-150x150.jpg","contentUrl":"http:\/\/www.handiemotion.fr\/wp-content\/uploads\/2018\/03\/SB-150x150.jpg"},{"@type":"BreadcrumbList","@id":"https:\/\/www.handiemotion.fr\/index.php\/presentation\/#breadcrumb","itemListElement":[{"@type":"ListItem","position":1,"name":"Accueil","item":"https:\/\/www.handiemotion.fr\/"},{"@type":"ListItem","position":2,"name":"Pr\u00e9sentation"}]},{"@type":"WebSite","@id":"https:\/\/www.handiemotion.fr\/#website","url":"https:\/\/www.handiemotion.fr\/","name":"HandiEmotion : Stage de pilotage pour PMR","description":"","publisher":{"@id":"https:\/\/www.handiemotion.fr\/#organization"},"potentialAction":[{"@type":"SearchAction","target":{"@type":"EntryPoint","urlTemplate":"https:\/\/www.handiemotion.fr\/?s={search_term_string}"},"query-input":{"@type":"PropertyValueSpecification","valueRequired":true,"valueName":"search_term_string"}}],"inLanguage":"fr-FR"},{"@type":"Organization","@id":"https:\/\/www.handiemotion.fr\/#organization","name":"HANDIEMOTION","url":"https:\/\/www.handiemotion.fr\/","logo":{"@type":"ImageObject","inLanguage":"fr-FR","@id":"https:\/\/www.handiemotion.fr\/#\/schema\/logo\/image\/","url":"https:\/\/www.handiemotion.fr\/wp-content\/uploads\/2018\/03\/logo_handiemotion_droit.jpg","contentUrl":"https:\/\/www.handiemotion.fr\/wp-content\/uploads\/2018\/03\/logo_handiemotion_droit.jpg","width":2081,"height":954,"caption":"HANDIEMOTION"},"image":{"@id":"https:\/\/www.handiemotion.fr\/#\/schema\/logo\/image\/"},"sameAs":["https:\/\/www.facebook.com\/handiemotion\/","https:\/\/www.linkedin.com\/in\/s\u00e9bastien-benoit-00a550172\/","https:\/\/www.youtube.com\/channel\/UC7RmBlEf3mhZ5Usf7PKfYyQ"]}]}},"_links":{"self":[{"href":"https:\/\/www.handiemotion.fr\/index.php\/wp-json\/wp\/v2\/pages\/74","targetHints":{"allow":["GET"]}}],"collection":[{"href":"https:\/\/www.handiemotion.fr\/index.php\/wp-json\/wp\/v2\/pages"}],"about":[{"href":"https:\/\/www.handiemotion.fr\/index.php\/wp-json\/wp\/v2\/types\/page"}],"author":[{"embeddable":true,"href":"https:\/\/www.handiemotion.fr\/index.php\/wp-json\/wp\/v2\/users\/1"}],"replies":[{"embeddable":true,"href":"https:\/\/www.handiemotion.fr\/index.php\/wp-json\/wp\/v2\/comments?post=74"}],"version-history":[{"count":38,"href":"https:\/\/www.handiemotion.fr\/index.php\/wp-json\/wp\/v2\/pages\/74\/revisions"}],"predecessor-version":[{"id":1013,"href":"https:\/\/www.handiemotion.fr\/index.php\/wp-json\/wp\/v2\/pages\/74\/revisions\/1013"}],"wp:attachment":[{"href":"https:\/\/www.handiemotion.fr\/index.php\/wp-json\/wp\/v2\/media?parent=74"}],"curies":[{"name":"wp","href":"https:\/\/api.w.org\/{rel}","templated":true}]}}